{"id":761,"date":"2018-01-15T15:30:33","date_gmt":"2018-01-15T14:30:33","guid":{"rendered":"https:\/\/www.marinarivadelgarda.com\/?page_id=761"},"modified":"2025-02-06T15:18:31","modified_gmt":"2025-02-06T14:18:31","slug":"residence-marina-riva-del-garda","status":"publish","type":"page","link":"https:\/\/www.marinarivadelgarda.com\/de\/","title":{"rendered":"Residence Marina Riva del Garda"},"content":{"rendered":"<section class=\"l-section wpb_row height_auto\"><div class=\"l-section-h i-cf\"><div class=\"g-cols vc_row via_grid cols_1 laptops-cols_inherit tablets-cols_inherit mobiles-cols_1 valign_middle type_default stacking_default\"><div class=\"wpb_column vc_column_container\"><div class=\"vc_column-inner\">[rev_slider_vc alias=&#8220;home&#8220;]<\/div><\/div><\/div><\/div><\/section><section class=\"l-section wpb_row height_large\"><div class=\"l-section-h i-cf\"><div class=\"g-cols vc_row via_grid cols_2 laptops-cols_inherit tablets-cols_inherit mobiles-cols_1 valign_top type_default stacking_default\"><div class=\"wpb_column vc_column_container\"><div class=\"vc_column-inner\"><div id=\"ultimate-heading-895169f4ee3cabdfb\" class=\"uvc-heading ult-adjust-bottom-margin ultimate-heading-895169f4ee3cabdfb uvc-2916 spruzzo\" data-hspacer=\"line_only\"  data-halign=\"left\" style=\"text-align:left\"><div class=\"uvc-main-heading ult-responsive\"  data-ultimate-target='.uvc-heading.ultimate-heading-895169f4ee3cabdfb h1'  data-responsive-json-new='{\"font-size\":\"desktop:45px;\",\"line-height\":\"\"}' ><h1 style=\"font-weight:bold;color:#acbc0d;\">Residence Marina<\/h1><\/div><div class=\"uvc-heading-spacer line_only\" style=\"margin-top:10px;margin-bottom:10px;height:3px;\"><span class=\"uvc-headings-line\" style=\"border-style:solid;border-bottom-width:3px;border-color:#f9d400;width:120px;\"><\/span><\/div><div class=\"uvc-sub-heading ult-responsive\"  data-ultimate-target='.uvc-heading.ultimate-heading-895169f4ee3cabdfb .uvc-sub-heading '  data-responsive-json-new='{\"font-size\":\"desktop:27px;\",\"line-height\":\"\"}'  style=\"font-weight:normal;color:#edb100;\">Ferienwohnungen mit Schwimmbad und panoramablick auf Riva del Garda.<\/div><\/div><\/div><\/div><div class=\"wpb_column vc_column_container\"><div class=\"vc_column-inner\"><div class=\"wpb_text_column giustifica\"><div class=\"wpb_wrapper\"><p>Wir befinden uns am Nordufer des Gardasees, an den H\u00e4ngen des Monte Brione, etwa 2 km vom Zentrum von Riva del Garda und wenige Gehminuten vom Yachthafen von San Nicol\u00f2 und dem Strand entfernt.<\/p>\n<p>Die Residence Marina ist umgeben von \u00fcppigem Gr\u00fcn und der gr\u00fcnen Landschaft des Monte Brione in einer Panorama-Lage mit Blick auf den See, die Stadt Riva und das gesamte Tal des Sarca.<\/p>\n<\/div><\/div><\/div><\/div><\/div><\/div><\/section><section class=\"l-section wpb_row fascia-offerte height_medium with_img\"><div class=\"l-section-img\" role=\"img\" data-img-width=\"\" data-img-height=\"\" style=\"background-image: url(https:\/\/www.marinarivadelgarda.com\/wp-content\/uploads\/2017\/11\/bg-astratto-blu-basso.svg);background-position: bottom center;background-repeat: no-repeat;\"><\/div><div class=\"l-section-h i-cf\"><div class=\"g-cols vc_row via_grid cols_1 laptops-cols_inherit tablets-cols_inherit mobiles-cols_1 valign_top type_default stacking_default\"><div class=\"wpb_column vc_column_container\"><div class=\"vc_column-inner\"><div class=\"w-grid type_carousel layout_829 overflow_hidden items_2\" id=\"us_grid_1\" style=\"--items:2;--gap:5px;\"><style>.layout_829 .w-grid-item-h{background:#ffffff;border-radius:0.3rem;box-shadow:0 0.03rem 0.06rem rgba(0,0,0,0.1),0 0.1rem 0.3rem rgba(0,0,0,0.1);transition-duration:0.3s}.no-touch .layout_829 .w-grid-item-h:hover{box-shadow:0 0.1rem 0.2rem rgba(0,0,0,0.1),0 0.33rem 1rem rgba(0,0,0,0.15);z-index:4}.layout_829 .usg_post_title_1{font-family:var(--h1-font-family)!important;font-size:1.2rem!important;font-weight:700!important}.layout_829 .usg_vwrapper_1{padding:9% 11% 11% 11%!important}<\/style><div class=\"w-grid-list owl-carousel valign_stretch dotstyle_circle navstyle_circle navpos_outside owl-responsive-2000 with_dots with_arrows\" style=\"--transition-duration:350ms;--arrows-size:1.5rem;--arrows-offset:1rem;\">\t<article class=\"w-grid-item post-708 post type-post status-publish format-standard has-post-thumbnail hentry category-angebote category-non-categorizzato\" data-id=\"708\">\r\n\t\t<div class=\"w-grid-item-h\">\r\n\t\t\t\t\t\t<div class=\"w-post-elm post_image usg_post_image_1 stretched\"><a href=\"https:\/\/www.marinarivadelgarda.com\/de\/direktbuchung-plus\/\" aria-label=\"DIREKTBUCHUNG PLUS\"><img loading=\"lazy\" decoding=\"async\" width=\"768\" height=\"512\" src=\"https:\/\/www.marinarivadelgarda.com\/wp-content\/uploads\/2017\/11\/DSC4471-Modifica-1-768x512.jpg\" class=\"attachment-us_768_0 size-us_768_0 wp-post-image\" alt=\"\" srcset=\"https:\/\/www.marinarivadelgarda.com\/wp-content\/uploads\/2017\/11\/DSC4471-Modifica-1-768x512.jpg 768w, https:\/\/www.marinarivadelgarda.com\/wp-content\/uploads\/2017\/11\/DSC4471-Modifica-1-300x200.jpg 300w, https:\/\/www.marinarivadelgarda.com\/wp-content\/uploads\/2017\/11\/DSC4471-Modifica-1-1024x682.jpg 1024w, https:\/\/www.marinarivadelgarda.com\/wp-content\/uploads\/2017\/11\/DSC4471-Modifica-1.jpg 1920w\" sizes=\"auto, (max-width: 768px) 100vw, 768px\" \/><\/a><\/div><div class=\"w-vwrapper usg_vwrapper_1 align_left valign_top\"><h2 class=\"w-post-elm post_title usg_post_title_1 entry-title color_link_inherit\"><a href=\"https:\/\/www.marinarivadelgarda.com\/de\/direktbuchung-plus\/\">DIREKTBUCHUNG PLUS<\/a><\/h2><div class=\"w-post-elm post_content usg_post_content_1\"><p>Entdecke alle Vorteile der Direktbuchung. Spare 10% im Gegensatz zu jeder anderen Buchungsseite.<\/p>\n<\/div><a class=\"w-btn us-btn-style_3 usg_btn_1\" href=\"https:\/\/www.marinarivadelgarda.com\/de\/direktbuchung-plus\/\"><span class=\"w-btn-label\">Leggi tutto<\/span><\/a><\/div>\t\t<\/div>\r\n\t\t\t<\/article>\r\n\t<article class=\"w-grid-item post-704 post type-post status-publish format-standard has-post-thumbnail hentry category-angebote category-non-categorizzato\" data-id=\"704\">\r\n\t\t<div class=\"w-grid-item-h\">\r\n\t\t\t\t\t\t<div class=\"w-post-elm post_image usg_post_image_1 stretched\"><a href=\"https:\/\/www.marinarivadelgarda.com\/de\/7-fuer-6-eine-nacht-gratis\/\" aria-label=\"7 F\u00dcR 6 &#8211; EINE NACHT GRATIS\"><img loading=\"lazy\" decoding=\"async\" width=\"768\" height=\"512\" src=\"https:\/\/www.marinarivadelgarda.com\/wp-content\/uploads\/2017\/11\/rm-1435-768x512.jpg\" class=\"attachment-us_768_0 size-us_768_0 wp-post-image\" alt=\"\" srcset=\"https:\/\/www.marinarivadelgarda.com\/wp-content\/uploads\/2017\/11\/rm-1435-768x512.jpg 768w, https:\/\/www.marinarivadelgarda.com\/wp-content\/uploads\/2017\/11\/rm-1435-300x200.jpg 300w, https:\/\/www.marinarivadelgarda.com\/wp-content\/uploads\/2017\/11\/rm-1435-1024x682.jpg 1024w, https:\/\/www.marinarivadelgarda.com\/wp-content\/uploads\/2017\/11\/rm-1435.jpg 1280w\" sizes=\"auto, (max-width: 768px) 100vw, 768px\" \/><\/a><\/div><div class=\"w-vwrapper usg_vwrapper_1 align_left valign_top\"><h2 class=\"w-post-elm post_title usg_post_title_1 entry-title color_link_inherit\"><a href=\"https:\/\/www.marinarivadelgarda.com\/de\/7-fuer-6-eine-nacht-gratis\/\">7 F\u00dcR 6 &#8211; EINE NACHT GRATIS<\/a><\/h2><div class=\"w-post-elm post_content usg_post_content_1\"><p>Angebot 7 N\u00e4chte Aufenthalt zum Preis von 6. G\u00fcltig nur f\u00fcr G\u00e4ste, die auf dem offiziellen Kanal buchen.<\/p>\n<\/div><a class=\"w-btn us-btn-style_3 usg_btn_1\" href=\"https:\/\/www.marinarivadelgarda.com\/de\/7-fuer-6-eine-nacht-gratis\/\"><span class=\"w-btn-label\">Leggi tutto<\/span><\/a><\/div>\t\t<\/div>\r\n\t\t\t<\/article>\r\n<\/div>\t<div class=\"g-preloader type_3\">\r\n\t\t<div><\/div>\r\n\t<\/div>\r\n\t\t<div class=\"w-grid-json hidden\" onclick='return {&quot;action&quot;:&quot;us_ajax_grid&quot;,&quot;infinite_scroll&quot;:0,&quot;max_num_pages&quot;:1,&quot;pagination&quot;:&quot;none&quot;,&quot;template_vars&quot;:{&quot;columns&quot;:&quot;&quot;,&quot;exclude_items&quot;:&quot;none&quot;,&quot;img_size&quot;:&quot;us_768_0&quot;,&quot;ignore_items_size&quot;:0,&quot;items_layout&quot;:&quot;829&quot;,&quot;items_offset&quot;:&quot;0px&quot;,&quot;load_animation&quot;:&quot;none&quot;,&quot;overriding_link&quot;:&quot;{\\&quot;url\\&quot;:\\&quot;\\&quot;}&quot;,&quot;post_id&quot;:0,&quot;query_args&quot;:{&quot;post_type&quot;:[&quot;post&quot;],&quot;tax_query&quot;:[{&quot;taxonomy&quot;:&quot;category&quot;,&quot;field&quot;:&quot;slug&quot;,&quot;terms&quot;:[&quot;angebote&quot;]}],&quot;post_status&quot;:[&quot;publish&quot;,&quot;mapped&quot;,&quot;needs_update&quot;],&quot;posts_per_page&quot;:&quot;10&quot;},&quot;orderby_query_args&quot;:{&quot;orderby&quot;:{&quot;date&quot;:&quot;DESC&quot;}},&quot;type&quot;:&quot;carousel&quot;,&quot;us_grid_post_type&quot;:&quot;post&quot;,&quot;us_grid_ajax_index&quot;:1,&quot;us_grid_filter_query_string&quot;:null,&quot;us_grid_index&quot;:1,&quot;page_args&quot;:[],&quot;lang&quot;:&quot;de&quot;},&quot;carousel_settings&quot;:{&quot;aria_labels&quot;:{&quot;prev&quot;:&quot;Zur\\u00fcck&quot;,&quot;next&quot;:&quot;Weiter&quot;},&quot;autoplayContinual&quot;:false,&quot;autoplayHoverPause&quot;:false,&quot;autoplayTimeout&quot;:3000,&quot;autoWidth&quot;:false,&quot;smartSpeed&quot;:350,&quot;margin&quot;:0,&quot;mouseDrag&quot;:true,&quot;rtl&quot;:false,&quot;slideBy&quot;:&quot;1&quot;,&quot;touchDrag&quot;:true,&quot;slideTransition&quot;:&quot;&quot;,&quot;responsive&quot;:{&quot;0&quot;:{&quot;autoHeight&quot;:false,&quot;autoplay&quot;:false,&quot;autoWidth&quot;:false,&quot;center&quot;:false,&quot;dots&quot;:false,&quot;items&quot;:1,&quot;loop&quot;:false,&quot;nav&quot;:false,&quot;stagePadding&quot;:0,&quot;slideBy&quot;:&quot;1&quot;},&quot;601&quot;:{&quot;items&quot;:2,&quot;autoplay&quot;:false,&quot;center&quot;:false,&quot;dots&quot;:true,&quot;nav&quot;:true,&quot;autoHeight&quot;:false,&quot;autoWidth&quot;:false,&quot;loop&quot;:false,&quot;stagePadding&quot;:0}}}}'><\/div>\r\n\t<\/div><\/div><\/div><\/div><\/div><\/section><section class=\"l-section wpb_row fascia-disintermediazione height_medium\"><div class=\"l-section-h i-cf\"><div class=\"g-cols vc_row via_grid cols_1-2 laptops-cols_inherit tablets-cols_inherit mobiles-cols_1 valign_middle type_default stacking_default\"><div class=\"wpb_column vc_column_container\"><div class=\"vc_column-inner\"><div class=\"w-image align_center\"><div class=\"w-image-h\"><img decoding=\"async\" width=\"1024\" height=\"1024\" src=\"https:\/\/www.marinarivadelgarda.com\/wp-content\/uploads\/2017\/12\/bollino-ita-disint.svg\" class=\"attachment-large size-large\" alt=\"\" loading=\"lazy\" \/><\/div><\/div><\/div><\/div><div class=\"wpb_column vc_column_container\"><div class=\"vc_column-inner\"><div class=\"uavc-list-icon uavc-list-icon-wrapper ult-adjust-bottom-margin   \"><ul class=\"uavc-list\"><li><div class=\"uavc-list-content\" id=\"list-icon-wrap-6673\">\n<div class=\"uavc-list-icon  \" data-animation=\"\" data-animation-delay=\"03\" style=\"margin-right:5px;\"><div class=\"ult-just-icon-wrapper  \"><div class=\"align-icon\" style=\"text-align:center;\">\n<div class=\"aio-icon-img \" style=\"font-size:36px;display:inline-block;\" >\n\t<img decoding=\"async\" class=\"img-icon\" alt=\"null\" src=\"https:\/\/www.marinarivadelgarda.com\/wp-content\/uploads\/2017\/11\/ico-elenco-disint.svg\"\/>\n<\/div><\/div><\/div>\n<\/div><span  data-ultimate-target='#list-icon-wrap-6673 .uavc-list-desc'  data-responsive-json-new='{\"font-size\":\"\",\"line-height\":\"\"}'  class=\"uavc-list-desc ult-responsive\" style=\"\">-10% bei Buchung &#8230; unn\u00f6tig, woanders zu suchen<\/span><\/div><\/li><li><div class=\"uavc-list-content\" id=\"list-icon-wrap-5418\">\n<div class=\"uavc-list-icon  \" data-animation=\"\" data-animation-delay=\"03\" style=\"margin-right:5px;\"><div class=\"ult-just-icon-wrapper  \"><div class=\"align-icon\" style=\"text-align:center;\">\n<div class=\"aio-icon-img \" style=\"font-size:36px;display:inline-block;\" >\n\t<img decoding=\"async\" class=\"img-icon\" alt=\"null\" src=\"https:\/\/www.marinarivadelgarda.com\/wp-content\/uploads\/2017\/11\/ico-elenco-disint.svg\"\/>\n<\/div><\/div><\/div>\n<\/div><span  data-ultimate-target='#list-icon-wrap-5418 .uavc-list-desc'  data-responsive-json-new='{\"font-size\":\"\",\"line-height\":\"\"}'  class=\"uavc-list-desc ult-responsive\" style=\"\">Wenn du nach der Buchung ein besseres Angebot findest, sind wir bereit, dir die Differenz zu erstatten<\/span><\/div><\/li><li><div class=\"uavc-list-content\" id=\"list-icon-wrap-5270\">\n<div class=\"uavc-list-icon  \" data-animation=\"\" data-animation-delay=\"03\" style=\"margin-right:5px;\"><div class=\"ult-just-icon-wrapper  \"><div class=\"align-icon\" style=\"text-align:center;\">\n<div class=\"aio-icon-img \" style=\"font-size:36px;display:inline-block;\" >\n\t<img decoding=\"async\" class=\"img-icon\" alt=\"null\" src=\"https:\/\/www.marinarivadelgarda.com\/wp-content\/uploads\/2017\/11\/ico-elenco-disint.svg\"\/>\n<\/div><\/div><\/div>\n<\/div><span  data-ultimate-target='#list-icon-wrap-5270 .uavc-list-desc'  data-responsive-json-new='{\"font-size\":\"\",\"line-height\":\"\"}'  class=\"uavc-list-desc ult-responsive\" style=\"\">Kinder im Alter von 0-24 Monaten kostenlos<\/span><\/div><\/li><li><div class=\"uavc-list-content\" id=\"list-icon-wrap-8266\">\n<div class=\"uavc-list-icon  \" data-animation=\"\" data-animation-delay=\"03\" style=\"margin-right:5px;\"><div class=\"ult-just-icon-wrapper  \"><div class=\"align-icon\" style=\"text-align:center;\">\n<div class=\"aio-icon-img \" style=\"font-size:36px;display:inline-block;\" >\n\t<img decoding=\"async\" class=\"img-icon\" alt=\"null\" src=\"https:\/\/www.marinarivadelgarda.com\/wp-content\/uploads\/2017\/11\/ico-elenco-disint.svg\"\/>\n<\/div><\/div><\/div>\n<\/div><span  data-ultimate-target='#list-icon-wrap-8266 .uavc-list-desc'  data-responsive-json-new='{\"font-size\":\"\",\"line-height\":\"\"}'  class=\"uavc-list-desc ult-responsive\" style=\"\">Wir verlangen keine Vorauszahlung oder Anzahlung<\/span><\/div><\/li><\/ul><\/div><\/div><\/div><\/div><\/div><\/section><section class=\"l-section wpb_row carousel-appartamenti height_auto width_full\"><div class=\"l-section-h i-cf\"><div class=\"g-cols vc_row via_grid cols_1 laptops-cols_inherit tablets-cols_inherit mobiles-cols_1 valign_top type_default stacking_default\"><div class=\"wpb_column vc_column_container\"><div class=\"vc_column-inner\">[rev_slider_vc alias=&#8220;appartamenti&#8220;]<\/div><\/div><\/div><\/div><\/section><section class=\"l-section wpb_row us_custom_532377d0 height_medium with_img\"><div class=\"l-section-img\" role=\"img\" data-img-width=\"\" data-img-height=\"\" style=\"background-image: url(https:\/\/www.marinarivadelgarda.com\/wp-content\/uploads\/2017\/11\/bg-astratto-verde-alto.svg);background-position: top center;background-repeat: no-repeat;\"><\/div><div class=\"l-section-h i-cf\"><div class=\"g-cols vc_row via_grid cols_1 laptops-cols_inherit tablets-cols_inherit mobiles-cols_1 valign_middle type_default stacking_default\"><div class=\"wpb_column vc_column_container us_custom_44166cae\"><div class=\"vc_column-inner\"><div id=\"ultimate-heading-558469f4ee3cd1a51\" class=\"uvc-heading ult-adjust-bottom-margin ultimate-heading-558469f4ee3cd1a51 uvc-8352 h500\" data-hspacer=\"image_only\"  data-halign=\"center\" style=\"text-align:center\"><div class=\"uvc-main-heading ult-responsive\"  data-ultimate-target='.uvc-heading.ultimate-heading-558469f4ee3cd1a51 h3'  data-responsive-json-new='{\"font-size\":\"desktop:40px;\",\"line-height\":\"\"}' ><h3 style=\"font-weight:normal;color:#22afec;\">DAS PANORAMA-SCHWIMMBAD<\/h3><\/div><div class=\"uvc-heading-spacer image_only\" style=\"margin-top:10px;margin-bottom:10px;\"><img decoding=\"async\" src=\"https:\/\/www.marinarivadelgarda.com\/wp-content\/uploads\/2017\/11\/divisore-onda-verde.svg\" class=\"ultimate-headings-icon-image\" alt=\"null\" style=\"width:50px\"\/><\/div><div class=\"uvc-sub-heading ult-responsive\"  data-ultimate-target='.uvc-heading.ultimate-heading-558469f4ee3cd1a51 .uvc-sub-heading '  data-responsive-json-new='{\"font-size\":\"desktop:22px;\",\"line-height\":\"\"}'  style=\"font-weight:normal;color:#4d4d4d;\">\n<p style=\"text-align: center;\">Unter Palmen, Olivenb\u00e4umen und Zypressen mit eindrucksvollen Panoramablicken von den H\u00e4ngen des Monte Brione.<\/p>\n<\/div><\/div><div class=\"g-cols wpb_row us_custom_72fc42ef griglia via_grid cols_1-2 laptops-cols_inherit tablets-cols_inherit mobiles-cols_1 valign_middle type_boxes stacking_default\" style=\"--columns-gap:3rem;\"><div class=\"wpb_column vc_column_container us_custom_65a9a755 has_text_color has_bg_color\"><div class=\"vc_column-inner\"><div class=\"w-image align_none\"><div class=\"w-image-h\"><img decoding=\"async\" width=\"1279\" height=\"853\" src=\"https:\/\/www.marinarivadelgarda.com\/wp-content\/uploads\/2017\/11\/rm-1508.jpg\" class=\"attachment-full size-full\" alt=\"\" loading=\"lazy\" srcset=\"https:\/\/www.marinarivadelgarda.com\/wp-content\/uploads\/2017\/11\/rm-1508.jpg 1279w, https:\/\/www.marinarivadelgarda.com\/wp-content\/uploads\/2017\/11\/rm-1508-300x200.jpg 300w, https:\/\/www.marinarivadelgarda.com\/wp-content\/uploads\/2017\/11\/rm-1508-768x512.jpg 768w, https:\/\/www.marinarivadelgarda.com\/wp-content\/uploads\/2017\/11\/rm-1508-1024x683.jpg 1024w\" sizes=\"auto, (max-width: 1279px) 100vw, 1279px\" \/><\/div><\/div><div class=\"ult-content-box-container \" >\t\t<div class=\"ult-content-box\" style=\"box-shadow: px px px px none;padding:5%;-webkit-transition: all 700ms ease;-moz-transition: all 700ms ease;-ms-transition: all 700ms ease;-o-transition: all 700ms ease;transition: all 700ms ease;\"  data-hover_box_shadow=\"none\"    ><div class=\"wpb_text_column\"><div class=\"wpb_wrapper\"><h3>EIN ORT<br \/>\n<span class=\"corsivo\">DER AUCH DIE KINDER EROBERT<\/span><\/h3>\n<\/div><\/div><div class=\"w-btn-wrapper align_none\"><a class=\"w-btn us-btn-style_3 us_custom_80a192e9\" href=\"https:\/\/www.marinarivadelgarda.com\/de\/fotogallerie\/\"><span class=\"w-btn-label\">DETAILS<\/span><\/a><\/div>\t\t<\/div><\/div><\/div><\/div><div class=\"wpb_column vc_column_container us_custom_92e96fb1 has_bg_color\"><div class=\"vc_column-inner\"><div class=\"ult-spacer spacer-69f4ee3cd3a53\" data-id=\"69f4ee3cd3a53\" data-height=\"10\" data-height-mobile=\"300\" data-height-tab=\"300\" data-height-tab-portrait=\"300\" data-height-mobile-landscape=\"300\" style=\"clear:both;display:block;\"><\/div><\/div><\/div><\/div><\/div><\/div><\/div><\/div><\/section>\n","protected":false},"excerpt":{"rendered":"7 F\u00dcR 6 - EINE NACHT GRATISAngebot g\u00fcltig vom 3. bis zum 26. April und vom 29. September bis zum 15. Oktober 2018.JETZT BUCHENG\u00fcltig nur f\u00fcr Kunden, die \u00fcber den offiziellen Kanal marinarivadelgarda.com buchen. Ohne Vorkasse und mit kostenloser Stornierung. Das Angebot beinhaltet 1 kostenlose Nacht alle 7 N\u00e4chte, die in dem im Angebot angegebenen...","protected":false},"author":1,"featured_media":0,"parent":0,"menu_order":0,"comment_status":"closed","ping_status":"closed","template":"","meta":{"inline_featured_image":false,"footnotes":""},"class_list":["post-761","page","type-page","status-publish","hentry"],"_links":{"self":[{"href":"https:\/\/www.marinarivadelgarda.com\/de\/wp-json\/wp\/v2\/pages\/761","targetHints":{"allow":["GET"]}}],"collection":[{"href":"https:\/\/www.marinarivadelgarda.com\/de\/wp-json\/wp\/v2\/pages"}],"about":[{"href":"https:\/\/www.marinarivadelgarda.com\/de\/wp-json\/wp\/v2\/types\/page"}],"author":[{"embeddable":true,"href":"https:\/\/www.marinarivadelgarda.com\/de\/wp-json\/wp\/v2\/users\/1"}],"replies":[{"embeddable":true,"href":"https:\/\/www.marinarivadelgarda.com\/de\/wp-json\/wp\/v2\/comments?post=761"}],"version-history":[{"count":13,"href":"https:\/\/www.marinarivadelgarda.com\/de\/wp-json\/wp\/v2\/pages\/761\/revisions"}],"predecessor-version":[{"id":1301,"href":"https:\/\/www.marinarivadelgarda.com\/de\/wp-json\/wp\/v2\/pages\/761\/revisions\/1301"}],"wp:attachment":[{"href":"https:\/\/www.marinarivadelgarda.com\/de\/wp-json\/wp\/v2\/media?parent=761"}],"curies":[{"name":"wp","href":"https:\/\/api.w.org\/{rel}","templated":true}]}}